{"id":52340,"date":"2015-08-27T14:56:44","date_gmt":"2015-08-27T12:56:44","guid":{"rendered":"https:\/\/www.villa-koeppe.de\/artists\/kevin-a-rausch\/"},"modified":"2021-10-18T11:37:37","modified_gmt":"2021-10-18T09:37:37","slug":"kevin-a-rausch","status":"publish","type":"page","link":"https:\/\/www.villa-koeppe.de\/en\/artists\/kevin-a-rausch\/","title":{"rendered":"Kevin A. Rausch"},"content":{"rendered":"<div class=\"wpb-content-wrapper\">[vc_row type=&#8221;grid&#8221; padding_bottom=&#8221;50&#8243;][vc_column][vc_column_text]<a href=\"#showroom\">Showroom<\/a> | <a href=\"#text\">Text<\/a> |\u00a0<a href=\"#vita\">Vita<\/a> | <a href=\"#ausstellungen\">Ausstellungen<\/a> |\u00a0<a href=\"#Publikationen\">Publikationen<\/a>[\/vc_column_text][\/vc_column][\/vc_row][vc_row][vc_column]<div class='eltd_image_gallery_no_space  dark on_hover'><div class='eltd_image_gallery_holder' style='height: 500px;'><ul ><li><div style=\"height: 500px; width:221px;\"><a class=\"lightbox_single_portfolio\" rel=\"prettyPhoto[rel-1293623829]\" href=\"https:\/\/www.villa-koeppe.de\/wp-content\/uploads\/2021\/02\/Kevin_A_RAusch-Girls_dont_cry-113x51cm-mixed_media_on_canvas-2020.jpg\"><span class=\"holder\" style=\"background-color: rgba(255,255,255,0.3);\"><span class=\"outer\"><span class=\"inner\"><span class=\"title\" style=\"color:#000000;font-size:20px;\">Kevin A. Rausch | Girls don\u2019t cry \u2013 2020, 113 x 51 cm, \u00d6l, Acryl und Buntstift auf Leinwand<\/span><span class=\"separator\" style=\"background-color:#ffffff;opacity:1;\"><\/span><span class=\"description\" style=\"color:#000000;font-size:14px;\"><\/span><\/span><\/span><\/span><img decoding=\"async\" src=\"https:\/\/www.villa-koeppe.de\/wp-content\/uploads\/2021\/02\/Kevin_A_RAusch-Girls_dont_cry-113x51cm-mixed_media_on_canvas-2020.jpg\" alt=\"Kevin A. Rausch | Girls don\u2019t cry \u2013 2020, 113 x 51 cm, \u00d6l, Acryl und Buntstift auf Leinwand\"  \/><\/a><\/div><\/li><li><div style=\"height: 500px; width:860px;\"><a class=\"lightbox_single_portfolio\" rel=\"prettyPhoto[rel-1293623829]\" href=\"https:\/\/www.villa-koeppe.de\/wp-content\/uploads\/2021\/02\/Kevin_A_Rausch-the_end_were_we_starts-180x300cm-MT_Leinwand.jpg\"><span class=\"holder\" style=\"background-color: rgba(255,255,255,0.3);\"><span class=\"outer\"><span class=\"inner\"><span class=\"title\" style=\"color:#000000;font-size:20px;\">Kevin_A_Rausch-the_end_were_we_starts-180x300cm-MT_Leinwand<\/span><span class=\"separator\" style=\"background-color:#ffffff;opacity:1;\"><\/span><span class=\"description\" style=\"color:#000000;font-size:14px;\"><\/span><\/span><\/span><\/span><img decoding=\"async\" src=\"https:\/\/www.villa-koeppe.de\/wp-content\/uploads\/2021\/02\/Kevin_A_Rausch-the_end_were_we_starts-180x300cm-MT_Leinwand.jpg\" alt=\"\"  \/><\/a><\/div><\/li><li><div style=\"height: 500px; width:640px;\"><a class=\"lightbox_single_portfolio\" rel=\"prettyPhoto[rel-1293623829]\" href=\"https:\/\/www.villa-koeppe.de\/wp-content\/uploads\/2021\/02\/painters-today-143x183cm-mixed-media-collage-on-canvas-2020.jpg\"><span class=\"holder\" style=\"background-color: rgba(255,255,255,0.3);\"><span class=\"outer\"><span class=\"inner\"><span class=\"title\" style=\"color:#000000;font-size:20px;\">Kevin A. Rausch | Painters Today \u2013 2020, 143 x 183 cm, \u00d6l, Acryl, Collagen, Textil auf Leinwand<\/span><span class=\"separator\" style=\"background-color:#ffffff;opacity:1;\"><\/span><span class=\"description\" style=\"color:#000000;font-size:14px;\"><\/span><\/span><\/span><\/span><img decoding=\"async\" src=\"https:\/\/www.villa-koeppe.de\/wp-content\/uploads\/2021\/02\/painters-today-143x183cm-mixed-media-collage-on-canvas-2020.jpg\" alt=\"Kevin A. Rausch | Painters Today \u2013 2020, 143 x 183 cm, \u00d6l, Acryl, Collagen, Textil auf Leinwand\"  \/><\/a><\/div><\/li><li><div style=\"height: 500px; width:375px;\"><a class=\"lightbox_single_portfolio\" rel=\"prettyPhoto[rel-1293623829]\" href=\"https:\/\/www.villa-koeppe.de\/wp-content\/uploads\/2021\/02\/wake-up-40x30cm-MT-Holz-2018.jpg\"><span class=\"holder\" style=\"background-color: rgba(255,255,255,0.3);\"><span class=\"outer\"><span class=\"inner\"><span class=\"title\" style=\"color:#000000;font-size:20px;\">Kevin A. Rausch | Wake Up \u2013 2018, 40 x 30 cm, \u00d6l, Acryl auf Holz<\/span><span class=\"separator\" style=\"background-color:#ffffff;opacity:1;\"><\/span><span class=\"description\" style=\"color:#000000;font-size:14px;\"><\/span><\/span><\/span><\/span><img decoding=\"async\" src=\"https:\/\/www.villa-koeppe.de\/wp-content\/uploads\/2021\/02\/wake-up-40x30cm-MT-Holz-2018.jpg\" alt=\"Kevin A. Rausch | Wake Up \u2013 2018, 40 x 30 cm, \u00d6l, Acryl auf Holz\"  \/><\/a><\/div><\/li><li><div style=\"height: 500px; width:603px;\"><a class=\"lightbox_single_portfolio\" rel=\"prettyPhoto[rel-1293623829]\" href=\"https:\/\/www.villa-koeppe.de\/wp-content\/uploads\/2021\/02\/its-not-funny-anymore-250x300cmOil-Acryl-Pastell-on-canvas-2020-heller.jpg\"><span class=\"holder\" style=\"background-color: rgba(255,255,255,0.3);\"><span class=\"outer\"><span class=\"inner\"><span class=\"title\" style=\"color:#000000;font-size:20px;\">Kevin A. Rausch | It\u2019s not funny anymore \u2013 2020, 250 x 300 cm, \u00d6l, Acryl, Pastell \/ Leinwand<\/span><span class=\"separator\" style=\"background-color:#ffffff;opacity:1;\"><\/span><span class=\"description\" style=\"color:#000000;font-size:14px;\"><\/span><\/span><\/span><\/span><img decoding=\"async\" src=\"https:\/\/www.villa-koeppe.de\/wp-content\/uploads\/2021\/02\/its-not-funny-anymore-250x300cmOil-Acryl-Pastell-on-canvas-2020-heller.jpg\" alt=\"Kevin A. Rausch | It\u2019s not funny anymore \u2013 2020, 250 x 300 cm, \u00d6l, Acryl, Pastell \/ Leinwand\"  \/><\/a><\/div><\/li><li><div style=\"height: 500px; width:334px;\"><a class=\"lightbox_single_portfolio\" rel=\"prettyPhoto[rel-1293623829]\" href=\"https:\/\/www.villa-koeppe.de\/wp-content\/uploads\/2021\/02\/Kevin_Wien2018-32.jpg\"><span class=\"holder\" style=\"background-color: rgba(255,255,255,0.3);\"><span class=\"outer\"><span class=\"inner\"><span class=\"title\" style=\"color:#000000;font-size:20px;\">Kevin A. Rascuh<\/span><span class=\"separator\" style=\"background-color:#ffffff;opacity:1;\"><\/span><span class=\"description\" style=\"color:#000000;font-size:14px;\"><\/span><\/span><\/span><\/span><img decoding=\"async\" src=\"https:\/\/www.villa-koeppe.de\/wp-content\/uploads\/2021\/02\/Kevin_Wien2018-32.jpg\" alt=\"Kevin A. Rausch \u2013 Portrait\"  \/><\/a><\/div><\/li><\/ul><\/div><div class=\"controls\"><a class=\"prev-slide\" href=\"#\"><span class=\"arrow_carrot-left\"><\/span><\/a><a class=\"next-slide\" href=\"#\"><span class=\"arrow_carrot-right\"><\/span><\/a><\/div><\/div>[vc_empty_space height=&#8221;75&#8243;][\/vc_column][\/vc_row][vc_row type=&#8221;grid&#8221;][vc_column][vc_column_text]\n<h1 style=\"text-align: left;\"><a id=\"showroom\"><\/a>Kevin A. Rausch | Showroom<\/h1>\n[\/vc_column_text][vc_empty_space height=&#8221;20&#8243;][vc_column_text]Hier finden Sie eine Auswahl verf\u00fcgbarer Arbeiten des K\u00fcnstlers Kevin A. Rausch. Sie k\u00f6nnen \u00fcber den Men\u00fc-Button oben rechts im Bild auch auf Vollbild umschalten, eine Tour starten oder sich die Liste der Arbeiten anzeigen lassen.[\/vc_column_text][vc_empty_space height=&#8221;20&#8243;][vc_column_text]\n[\/vc_column_text][\/vc_column][\/vc_row][vc_row type=&#8221;grid&#8221;][vc_column][vc_raw_html]JTNDJTIxLS1iZWdpbiUyMGt1bnN0bWF0cml4LS0lM0UlMjAlM0NpZnJhbWUlMjBhbGxvd2Z1bGxzY3JlZW4lM0QlMjJ0cnVlJTIyJTIwZnJhbWVib3JkZXIlM0QlMjIwJTIyJTIwc2Nyb2xsaW5nJTNEJTIybm8lMjIlMjBzcmMlM0QlMjJodHRwcyUzQSUyRiUyRmFydC5rdW5zdG1hdHJpeC5jb20lMkZhcHBzJTJGYXJ0c3BhY2VzJTJGaW5kZXguaHRtbCUzRmV4dGVybmFsJTNEdHJ1ZSUyNnNwbGFzaHNjcmVlbiUzRHRydWUlMjZsYW5ndWFnZSUzRGRlJTI2dWlkJTNENDE3OTclMjZleGhpYml0aW9uJTNENDQyNDkwNSUyMiUyMHdpZHRoJTNEJTIyMTAwJTI1JTIyJTIwaGVpZ2h0JTNEJTIyNDAwJTIyJTNFJTNDJTJGaWZyYW1lJTNFJTNDJTIxLS1lbmQlMjBrdW5zdG1hdHJpeC0tJTNF[\/vc_raw_html][vc_empty_space][\/vc_column][\/vc_row][vc_row type=&#8221;grid&#8221;][vc_column][vc_empty_space height=&#8221;30&#8243;][vc_column_text]\n<h1 style=\"text-align: left;\"><a id=\"text\"><\/a>Kevin A. Rausch<\/h1>\n[\/vc_column_text][vc_empty_space height=&#8221;30&#8243;][vc_column_text]Existentielle Themen durchziehen das gesamte Werk von Kevin A. Rausch. Eine Konstante seiner Malerei liegt im Thema der Landschaft bzw. der Wechselwirkung von Landschaft und Figur. Die Naturlandschaft, W\u00e4lder, Berge, Fluss- oder Seenpanoramen in die der K\u00fcnstler seine Figuren versetzt sind symbolhafte Orte f\u00fcr die Unbest\u00e4ndigkeit und das auf-sich-selbst-geworfen-sein menschlicher Existenz.<\/p>\n<div id=\"pressrelease-link-52340\" class=\"sh-link pressrelease-link sh-hide\"><a href=\"#\" onclick=\"showhide_toggle('pressrelease', 52340, 'Weiterlesen ...', 'Einklappen'); return false;\" aria-expanded=\"false\"><span id=\"pressrelease-toggle-52340\">Weiterlesen ...<\/span><\/a><\/div><div id=\"pressrelease-content-52340\" class=\"sh-content pressrelease-content sh-hide\" style=\"display: none;\">\n<p>Kevin A. Rausch arbeitet mit Verschmelzungen und Metamorphosen, Farb\u00fcberlagerungen und Formenbrechungen. Seine Malerei changiert zwischen Realismus und Abstraktion. Ein schneller und bewegter Malduktus l\u00e4dt die Motive oft evident emotional auf.<\/p>\n<p>Neben Szenerien mit Menschengruppen, z\u00e4hlt die Darstellung von Paaren oder von Einzelfiguren zu den bevorzugten Motiven des K\u00fcnstlers. Weibliche Figuren, wie in dem zwar kleinformatigen aber eindrucksvollen M\u00e4dchenbildnis \u201eGirls don\u00b4t cry\u201c (Abb. Seite 6), sind darunter jedoch eher seltener zu finden. Das junge M\u00e4dchen mit seiner auff\u00e4llig exotischen Kopfbedeckung und dem wei\u00dfen Kleid in Frontalstellung, das so wenig in die herben und mit Feuchtstellen durchdrungenen Waldlandschaft zu passen scheint, malte Rausch 2014. \u201eGirls don\u00b4t cry\u201c ist ein schmales und eher kleinformatiges Werk.<\/p>\n<p>Hinter ihr ist eine abstrahierende Landschaft, wohl eine Waldszene mit kleineren Wasserfl\u00e4chen zu erkennen. Auff\u00e4llig ist die orientalische Kopfbedeckung mit der schr\u00e4g nach unten verlaufenden Quaste, die das Kind tr\u00e4gt. Unter dem Turban lugen schwarze Haare hervor. Die emotionale Anspannung der Dargestellten ist augenscheinlich. Die Augen sind geschlossenen, sodass die Gedanken nach innen gerichtet scheinen. Spontan und ungest\u00fcm und wohl von Wut und Zorn erf\u00fcllt, tritt das M\u00e4dchen mit seiner Stiefelette in eine kleine Wasserfl\u00e4che. Der Eindruck eines inneren Spannungszustandes ist durch die k\u00e4mpferisch zur Faust geballte rechte Hand des Kindes unterstrichen. Auch der unruhige Figurenhintergrund mit den gespenstischen Schemen sowie dem geisterhaft angedeuteten M\u00e4nnerportr\u00e4t verweist auf ein dramatisches, ja vielleicht sogar tragisches Geschehen, dessen Ursache dem Betrachter allerdings verborgen bleibt.<\/p>\n<\/div>\n<p>Andr\u00e9 Lindhorst, 2020[\/vc_column_text][vc_empty_space height=&#8221;50&#8243;][\/vc_column][\/vc_row][vc_row type=&#8221;grid&#8221;][vc_column][vc_column_text]\n<h1 style=\"text-align: left;\"><a id=\"vita\"><\/a>Vita<\/h1>\n<p><strong>1980<\/strong><br \/>\nGeboren in Wolfsberg, K\u00e4rnten<\/p>\n<p><strong>2002-2006<\/strong><br \/>\nStudium\/Diplom an der Wiener Kunstschule<\/p>\n<p><strong>2005<\/strong><br \/>\nArtist in Residence, The Townhouse Gallery, Kairo<\/p>\n<p><strong>2007<\/strong><br \/>\nArtist in Residence, Kunstraum &#8211; St. Virgil, Salzburg<\/p>\n<p class=\"bodytext\">Lebt und arbeitet in\u00a0Wien<\/p>\n[\/vc_column_text][vc_empty_space height=&#8221;50&#8243;][vc_column_text]\n<h2 style=\"text-align: left;\">Ausstellungen<\/h2>\n<div class=\"bg-margin-for-link\"><input type='hidden' bg_collapse_expand='69f5129ab214b4004761388' value='69f5129ab214b4004761388'><input type='hidden' id='bg-show-more-text-69f5129ab214b4004761388' value='ausklappen'><input type='hidden' id='bg-show-less-text-69f5129ab214b4004761388' value='einklappen'><a id='bg-showmore-action-69f5129ab214b4004761388' class='bg-showmore-plg-link  '  style=\" color:#e0310d;;\" href='#'>ausklappen<\/a><div id='bg-showmore-hidden-69f5129ab214b4004761388' >\n<p><strong>Solo Shows\/Auswahl<\/strong><\/p>\n<p>&#8220;Seeing the Invisible&#8221;, Fondazione SARP, Linguaglossa \/ Sicily<br \/>\nNAPOLI, 8mm Shortfilm, , Newfilmakers NYC \/ Summer Series Festival, Anthology Filmarchive (digital), New York<\/p>\n<p><strong>2019<\/strong><br \/>\n&#8220;the great in \u2013 between&#8221;, Galerie 422 Margund L\u00f6ssl, Gmunden<br \/>\n&#8220;nichts kommt von nachts&#8221;, K\u00f6ppe Contemporary, Berlin<\/p>\n<p><strong>2018<\/strong><br \/>\n&#8220;silence is closer&#8221;, Galerie Schmidt, Reith i. A. , Tirol<\/p>\n<p><strong>2017<\/strong><br \/>\n&#8220;after the years of trying&#8221;, Galerie Hoorn &amp; Reniers, Den Haag<br \/>\n&#8220;today , tomorrow, yesterday&#8221;, K\u00f6ppe Contemporary, Berlin<br \/>\n&#8220;every dream a trap&#8221;, Galerie 3, Klagenfurt<\/p>\n<p><strong>2016<\/strong><br \/>\n&#8220;no mans land&#8221; Galerie K\u00f6ppe Contemporary , Berlin<br \/>\n&#8220;Out of Tune&#8221;, Galerie Goldener Engl, Tirol<br \/>\n&#8220;never relaxed&#8221; Galerie Gerersdorfer, Wien<\/p>\n<p><strong>2015<\/strong><br \/>\n&#8220;we have been here before&#8221;, Galerie Goldener Engl, Hall in Tirol, Katalog<\/p>\n<p><strong>2014<\/strong><br \/>\n&#8220;sometimes between&#8221;, Galerie Schmidt, Reith i. A., Tirol<\/p>\n<p><strong>2013<\/strong><br \/>\n&#8220;I will not stay in paradise&#8221;, Galerie Gerersdorfer, Vienna &#8211; Katalog<br \/>\n&#8220;we dont fall in love anymore&#8221;, 5 Pieces Gallery, Bern, Switzerland<\/p>\n<p><strong>2012<\/strong><br \/>\n&#8220;thanks for the memory\u201c, Galerie 3, Klagenfurt, K\u00e4rnten<br \/>\n&#8220;black magic nectar&#8221;, Kunstraum St.Virgil, Salzburg<\/p>\n<p><strong>2011<\/strong><br \/>\n&#8220;where ever you go, Im already there&#8221;, Galerie Gerersdorfer, Wien<\/p>\n<p><strong>2010<\/strong><br \/>\n&#8220;Berg Talfahrt Kind\u201c, Galerie Vorspann, Bad Eisenkappel, K\u00e4rnten<\/p>\n<p><strong>2008<\/strong><br \/>\n&#8220;Penthouse Asylanten&#8221;, Galerie Schloss Puchheim, Ober\u00f6sterreich<\/p>\n<p><strong>Group Shows (Auswahl) \/ Group Shows (Selection)<\/strong><\/p>\n<p><strong>2020<\/strong><br \/>\n&#8220;Coppla Coronale&#8221;, Galerie Vorspann, Bad Eisenkappel<\/p>\n<p><strong>2017<\/strong><br \/>\nArt The Hague Artfair , Galerie Hoorn &amp; Reniers, the Hague<br \/>\nAmsterdam Artfair, Galerie Hoorn &amp; Reniers, Amsterdam<\/p>\n<p><strong>2016<\/strong><br \/>\n&#8220;die Schw\u00e4rze der Nacht&#8221;, K\u00f6ppe Contemporary, Berlin<br \/>\n&#8220;stop over&#8221;, Galerie am Polylog, W\u00f6rgl<\/p>\n<p><strong>2015<br \/>\n<\/strong>&#8220;Arbeiten auf Papier&#8221;, K\u00f6ppe Contemporary, Berlin<br \/>\n&#8220;Vienna Contemporary&#8221;, Galerie Schmidt, Marx Hallen Wien<\/p>\n<p><strong>2014<\/strong><br \/>\n\u201cVienna Fair\u201c, Galerie Schmidt, Vienna<br \/>\n\u201cBerlin meets Vienna\u201c, Galerie K\u00f6ppe, Berlin<br \/>\n\u201cPositions Berlin\u201c Galerie K\u00f6ppe, Berlin<br \/>\n\u201cArt Austria\u201c, Leopold Museum, Galerie Gerersdorfer, Galerie 3, Wien<\/p>\n<p><strong>2013<\/strong><br \/>\n\u201cDiyalog\u201c, Art from Vienna, OMV Special Project, Contemporary Istanbul, T\u00fcrkei<br \/>\n\u201cSchwerpunkt Malerei\u201c, Galerie im Traklhaus Salzburg,<br \/>\nPalais Liechtenstein, Feldkirch<br \/>\n\u201c20+20\u201c, Galerie Freihausgasse, Villach, K\u00e4rnten<br \/>\n\u201cTrans.form 4\u201c, K\u00fcnstlerhaus Klagenfurt, K\u00e4rnten<br \/>\n\u201cWalther Koschatzky Kunstpreis\u201c, MQ Hofstallungen, Wien<\/p>\n<p><strong>2012<\/strong><br \/>\n\u201cWinterreigen\u201c, Galerie Schmidt, Tirol<br \/>\n&#8220;6539&#8221;, 8mm Screening Tonkino Saalbau, Wiener Festwochen, Into the City, Wien<br \/>\n&#8220;Art Austria\u201c, Museum Leopold, Galerie Gerersdorfer, Wien<\/p>\n<p><strong>2011<\/strong><br \/>\n&#8220;spells&#8221; mit Britta Keber, Galerie Schloss Puchheim, Attnang-Puchheim, O\u00d6<br \/>\n&#8220;Walter Koschatzky Kunstpreis\u201c, MQ-Hofstallungen,(Ankauf), Wien<br \/>\n&#8220;Art Austria&#8221;,Kunstmesse-Leopold Museum, Galerie Gerersdorfer, Wien<\/p>\n<p><strong>2010<\/strong><br \/>\n&#8220;The next generation&#8221;, Galerie im Traklhaus, Salzburg<br \/>\n&#8220;Art Austria&#8221;,Galerie Gerersdorfer, Wien<br \/>\n&#8220;W\u00f6rtersee&#8221;, Galerie 3. Klagenfurt<br \/>\n\u201eVienna Fair\u201c, Galerie 3, Wien<br \/>\n&#8220;Eine Ber\u00fchrung der Wirklichkeit&#8221;, Hangar 7, Salzburg<\/p>\n<p><strong>2009<\/strong><br \/>\n&#8220;Walter Koschatzky Kunstpreis\u201c, Museumsquartier, Wien<br \/>\n&#8220;BA-CA Kunstpreis&#8221;, Galerie 3, Klagenfurt<\/p>\n<p style=\"text-align: left\"><strong>2008<\/strong><br \/>\n&#8220;Kunstmesse&#8221;, Ober\u00f6sterreichische Landesgalerie, Linz<br \/>\n&#8220;Herbst\/Winter Kollektion&#8221;, Galerie Ariadne, Wien<br \/>\n&#8220;17+4&#8221;, Galerie Berndt Kulterer, Wolfsberg<br \/>\n<\/div><\/div>\n[\/vc_column_text][vc_column_text]\n<h2 style=\"text-align: left;\">Ausstellungen<\/h2>\n<div class=\"bg-margin-for-link\"><input type='hidden' bg_collapse_expand='69f5129ab27059030532476' value='69f5129ab27059030532476'><input type='hidden' id='bg-show-more-text-69f5129ab27059030532476' value='ausklappen'><input type='hidden' id='bg-show-less-text-69f5129ab27059030532476' value='einklappen'><a id='bg-showmore-action-69f5129ab27059030532476' class='bg-showmore-plg-link  '  style=\" color:#e0310d;;\" href='#'>ausklappen<\/a><div id='bg-showmore-hidden-69f5129ab27059030532476' >\n<p><strong>Solo Shows\/Auswahl<\/strong><\/p>\n<p><strong>2019<\/strong><br \/>\n&#8220;the great in \u2013 between&#8221;, Galerie 422 Margund L\u00f6ssl, Gmunden<br \/>\n&#8220;nichts kommt von nachts&#8221;, K\u00f6ppe Contemporary, Berlin<\/p>\n<p><strong>2018<\/strong><br \/>\n&#8220;silence is closer&#8221;, Galerie Schmidt, Reith i. A. , Tirol<\/p>\n<p><strong>2017<\/strong><br \/>\n&#8220;after the years of trying&#8221;, Galerie Hoorn &amp; Reniers, Den Haag<br \/>\n&#8220;today , tomorrow, yesterday&#8221;, K\u00f6ppe Contemporary, Berlin<br \/>\n&#8220;every dream a trap&#8221;, Galerie 3, Klagenfurt<\/p>\n<p><strong>2016<\/strong><br \/>\n&#8220;no mans land&#8221; Galerie K\u00f6ppe Contemporary , Berlin<br \/>\n&#8220;Out of Tune&#8221;, Galerie Goldener Engl, Tirol<br \/>\n&#8220;never relaxed&#8221; Galerie Gerersdorfer, Wien<\/p>\n<p><strong>2015<\/strong><br \/>\n&#8220;we have been here before&#8221;, Galerie Goldener Engl, Hall in Tirol, Katalog<\/p>\n<p><strong>2014<\/strong><br \/>\n&#8220;sometimes between&#8221;, Galerie Schmidt, Reith i. A., Tirol<\/p>\n<p><strong>2013<\/strong><br \/>\n&#8220;I will not stay in paradise&#8221;, Galerie Gerersdorfer, Vienna &#8211; Katalog<br \/>\n&#8220;we dont fall in love anymore&#8221;, 5 Pieces Gallery, Bern, Switzerland<\/p>\n<p><strong>2012<\/strong><br \/>\n&#8220;thanks for the memory\u201c, Galerie 3, Klagenfurt, K\u00e4rnten<br \/>\n&#8220;black magic nectar&#8221;, Kunstraum St.Virgil, Salzburg<\/p>\n<p><strong>2011<\/strong><br \/>\n&#8220;where ever you go, Im already there&#8221;, Galerie Gerersdorfer, Wien<\/p>\n<p><strong>2010<\/strong><br \/>\n&#8220;Berg Talfahrt Kind\u201c, Galerie Vorspann, Bad Eisenkappel, K\u00e4rnten<\/p>\n<p><strong>2008<\/strong><br \/>\n&#8220;Penthouse Asylanten&#8221;, Galerie Schloss Puchheim, Ober\u00f6sterreich<\/p>\n<p><strong>Group Shows (Auswahl) \/ Group Shows (Selection)<\/strong><\/p>\n<p><strong>2020<\/strong><br \/>\n&#8220;Coppla Coronale&#8221;, Galerie Vorspann, Bad Eisenkappel<\/p>\n<p><strong>2017<\/strong><br \/>\nArt The Hague Artfair , Galerie Hoorn &amp; Reniers, the Hague<br \/>\nAmsterdam Artfair, Galerie Hoorn &amp; Reniers, Amsterdam<\/p>\n<p><strong>2016<\/strong><br \/>\n&#8220;die Schw\u00e4rze der Nacht&#8221;, K\u00f6ppe Contemporary, Berlin<br \/>\n&#8220;stop over&#8221;, Galerie am Polylog, W\u00f6rgl<\/p>\n<p><strong>2015<br \/>\n<\/strong>&#8220;Arbeiten auf Papier&#8221;, K\u00f6ppe Contemporary, Berlin<br \/>\n&#8220;Vienna Contemporary&#8221;, Galerie Schmidt, Marx Hallen Wien<\/p>\n<p><strong>2014<\/strong><br \/>\n\u201cVienna Fair\u201c, Galerie Schmidt, Vienna<br \/>\n\u201cBerlin meets Vienna\u201c, Galerie K\u00f6ppe, Berlin<br \/>\n\u201cPositions Berlin\u201c Galerie K\u00f6ppe, Berlin<br \/>\n\u201cArt Austria\u201c, Leopold Museum, Galerie Gerersdorfer, Galerie 3, Wien<\/p>\n<p><strong>2013<\/strong><br \/>\n\u201cDiyalog\u201c, Art from Vienna, OMV Special Project, Contemporary Istanbul, T\u00fcrkei<br \/>\n\u201cSchwerpunkt Malerei\u201c, Galerie im Traklhaus Salzburg,<br \/>\nPalais Liechtenstein, Feldkirch<br \/>\n\u201c20+20\u201c, Galerie Freihausgasse, Villach, K\u00e4rnten<br \/>\n\u201cTrans.form 4\u201c, K\u00fcnstlerhaus Klagenfurt, K\u00e4rnten<br \/>\n\u201cWalther Koschatzky Kunstpreis\u201c, MQ Hofstallungen, Wien<\/p>\n<p><strong>2012<\/strong><br \/>\n\u201cWinterreigen\u201c, Galerie Schmidt, Tirol<br \/>\n&#8220;6539&#8221;, 8mm Screening Tonkino Saalbau, Wiener Festwochen, Into the City, Wien<br \/>\n&#8220;Art Austria\u201c, Museum Leopold, Galerie Gerersdorfer, Wien<\/p>\n<p><strong>2011<\/strong><br \/>\n&#8220;spells&#8221; mit Britta Keber, Galerie Schloss Puchheim, Attnang-Puchheim, O\u00d6<br \/>\n&#8220;Walter Koschatzky Kunstpreis\u201c, MQ-Hofstallungen,(Ankauf), Wien<br \/>\n&#8220;Art Austria&#8221;,Kunstmesse-Leopold Museum, Galerie Gerersdorfer, Wien<\/p>\n<p><strong>2010<\/strong><br \/>\n&#8220;The next generation&#8221;, Galerie im Traklhaus, Salzburg<br \/>\n&#8220;Art Austria&#8221;,Galerie Gerersdorfer, Wien<br \/>\n&#8220;W\u00f6rtersee&#8221;, Galerie 3. Klagenfurt<br \/>\n\u201eVienna Fair\u201c, Galerie 3, Wien<br \/>\n&#8220;Eine Ber\u00fchrung der Wirklichkeit&#8221;, Hangar 7, Salzburg<\/p>\n<p><strong>2009<\/strong><br \/>\n&#8220;Walter Koschatzky Kunstpreis\u201c, Museumsquartier, Wien<br \/>\n&#8220;BA-CA Kunstpreis&#8221;, Galerie 3, Klagenfurt<\/p>\n<p style=\"text-align: left\"><strong>2008<\/strong><br \/>\n&#8220;Kunstmesse&#8221;, Ober\u00f6sterreichische Landesgalerie, Linz<br \/>\n&#8220;Herbst\/Winter Kollektion&#8221;, Galerie Ariadne, Wien<br \/>\n&#8220;17+4&#8221;, Galerie Berndt Kulterer, Wolfsberg<br \/>\n<\/div><\/div>\n[\/vc_column_text][vc_empty_space height=&#8221;30&#8243;][vc_column_text]<strong>Sammlungen<\/strong><\/p>\n<p>MMKK Museum Moderner Kunst K\u00e4rnten, \u00d6sterreichische Nationalbank<br \/>\nRed Bull Hangart 7<br \/>\nSTRABAG Kunstforum<br \/>\nMMKK-Museum Moderner Kunst K\u00e4rnten<\/p>\n<p><strong>Bibliographie<\/strong><\/p>\n<p>PARNASS Kunstmagazin \u00d6sterreich, Text: Elisabeth Krimbacher<br \/>\nHangart 7, Edition 15, Katalog, Text:Lioba Redekker[\/vc_column_text][vc_empty_space height=&#8221;50&#8243;][\/vc_column][\/vc_row][vc_row type=&#8221;grid&#8221;][vc_column][vc_column_text]\n<h2><a id=\"Publikationen\"><\/a>Publikationen<\/h2>\n<p>&nbsp;<\/p>\n[\/vc_column_text][vc_empty_space][\/vc_column][\/vc_row][vc_row type=&#8221;grid&#8221;][vc_column width=&#8221;1\/6&#8243;][no_elements_holder][no_elements_holder_item][vc_single_image image=&#8221;56639&#8243; onclick=&#8221;custom_link&#8221; img_link_target=&#8221;_blank&#8221; link=&#8221;https:\/\/www.villa-koeppe.de\/wp-content\/uploads\/2021\/02\/Kevin_A_Rausch-KoeppeContemporary-2020-web.pdf&#8221;][\/no_elements_holder_item][\/no_elements_holder][\/vc_column][vc_column width=&#8221;2\/3&#8243;][vc_column_text]Brosch\u00fcre der Galerie K\u00d6PPE CONTEMPORARY.<\/p>\n<p>Dezember 2020[\/vc_column_text][\/vc_column][vc_column width=&#8221;1\/6&#8243;][\/vc_column][vc_column][\/vc_column][\/vc_row]\n<\/div>","protected":false},"excerpt":{"rendered":"<p>[vc_row type=&#8221;grid&#8221; padding_bottom=&#8221;50&#8243;][vc_column][vc_column_text]Showroom | Text |\u00a0Vita | Ausstellungen |\u00a0Publikationen[\/vc_column_text][\/vc_column][\/vc_row][vc_row][vc_column][vc_empty_space height=&#8221;75&#8243;][\/vc_column][\/vc_row][vc_row&#8230;<\/p>\n","protected":false},"author":3,"featured_media":0,"parent":51001,"menu_order":1,"comment_status":"closed","ping_status":"closed","template":"full_width.php","meta":{"footnotes":""},"class_list":["post-52340","page","type-page","status-publish","hentry"],"_links":{"self":[{"href":"https:\/\/www.villa-koeppe.de\/en\/wp-json\/wp\/v2\/pages\/52340\/"}],"collection":[{"href":"https:\/\/www.villa-koeppe.de\/en\/wp-json\/wp\/v2\/pages\/"}],"about":[{"href":"https:\/\/www.villa-koeppe.de\/en\/wp-json\/wp\/v2\/types\/page\/"}],"author":[{"embeddable":true,"href":"https:\/\/www.villa-koeppe.de\/en\/wp-json\/wp\/v2\/users\/3\/"}],"replies":[{"embeddable":true,"href":"https:\/\/www.villa-koeppe.de\/en\/wp-json\/wp\/v2\/comments\/?post=52340"}],"version-history":[{"count":35,"href":"https:\/\/www.villa-koeppe.de\/en\/wp-json\/wp\/v2\/pages\/52340\/revisions\/"}],"predecessor-version":[{"id":57501,"href":"https:\/\/www.villa-koeppe.de\/en\/wp-json\/wp\/v2\/pages\/52340\/revisions\/57501\/"}],"up":[{"embeddable":true,"href":"https:\/\/www.villa-koeppe.de\/en\/wp-json\/wp\/v2\/pages\/51001\/"}],"wp:attachment":[{"href":"https:\/\/www.villa-koeppe.de\/en\/wp-json\/wp\/v2\/media\/?parent=52340"}],"curies":[{"name":"wp","href":"https:\/\/api.w.org\/{rel}","templated":true}]}}